{"id":1285,"date":"2025-03-14T09:32:59","date_gmt":"2025-03-14T09:32:59","guid":{"rendered":"https:\/\/www.apotheken-ki.de\/impressao\/"},"modified":"2025-04-06T14:59:18","modified_gmt":"2025-04-06T14:59:18","slug":"impressao","status":"publish","type":"page","link":"https:\/\/www.apotheken-ki.de\/pt-pt\/impressao\/","title":{"rendered":"Impress\u00e3o"},"content":{"rendered":"\t\t<div data-elementor-type=\"wp-page\" data-elementor-id=\"1285\" class=\"elementor elementor-1285 elementor-559\" data-elementor-post-type=\"page\">\n\t\t\t\t<div class=\"elementor-element elementor-element-658b0080 e-flex e-con-boxed e-con e-parent\" data-id=\"658b0080\" data-element_type=\"container\">\n\t\t\t\t\t<div class=\"e-con-inner\">\n\t\t\t\t<div class=\"elementor-element elementor-element-670e4a5 elementor-widget elementor-widget-heading\" data-id=\"670e4a5\" data-element_type=\"widget\" data-widget_type=\"heading.default\">\n\t\t\t\t\t<h2 class=\"elementor-heading-title elementor-size-default\">Impress\u00e3o<\/h2>\t\t\t\t<\/div>\n\t\t\t\t\t<\/div>\n\t\t\t\t<\/div>\n\t\t<div class=\"elementor-element elementor-element-d3a9bf5 e-flex e-con-boxed e-con e-parent\" data-id=\"d3a9bf5\" data-element_type=\"container\">\n\t\t\t\t\t<div class=\"e-con-inner\">\n\t\t<div class=\"elementor-element elementor-element-b32d485 e-con-full e-flex e-con e-child\" data-id=\"b32d485\" data-element_type=\"container\">\n\t\t\t\t<\/div>\n\t\t<div class=\"elementor-element elementor-element-20ef908 e-con-full e-flex e-con e-child\" data-id=\"20ef908\" data-element_type=\"container\">\n\t\t\t\t<div class=\"elementor-element elementor-element-1028bfb elementor-widget elementor-widget-text-editor\" data-id=\"1028bfb\" data-element_type=\"widget\" data-widget_type=\"text-editor.default\">\n\t\t\t\t\t\t\t\t\t<h2 class=\"wp-block-heading\">Respons\u00e1vel pelo conte\u00fado e pelo funcionamento<\/h2>\n<p><strong>Ella Media AG<\/strong><\/p>\n<p>Metallstrasse 9a<br>6300 Zug, Su\u00ed\u00e7a<\/p>\n<p>Representada pelo Conselho de Administra\u00e7\u00e3o:<br>Michael Keusgen (Presidente)<br>Inscrita no registo comercial do Cant\u00e3o de Zug (Su\u00ed\u00e7a) com o n\u00famero de registo: CHE-370.592.352<\/p>\n<p>N\u00famero do imposto sobre o valor acrescentado: CHE-370.592.352 IVA<\/p>\n<h2 class=\"wp-block-heading\"><br>Contacta-nos<\/h2>\n<p>Endere\u00e7o postal:<\/p>\n<p><strong>Ella Media AG<\/strong><br>Metallstrasse 9a<br>6300 Zug, Su\u00ed\u00e7a<\/p>\n<p>Correio eletr\u00f3nico: verwaltung@ella-group.io<\/p>\n<p> <\/p>\n<h2 class=\"wp-block-heading\"><br>Responsabilidade pelo conte\u00fado<\/h2>\n<p>Enquanto prestador de servi\u00e7os, somos respons\u00e1veis pelo nosso pr\u00f3prio conte\u00fado nestas p\u00e1ginas, de acordo com a legisla\u00e7\u00e3o geral. Enquanto operador, n\u00e3o somos obrigados a controlar as informa\u00e7\u00f5es transmitidas ou armazenadas de terceiros ou a investigar circunst\u00e2ncias que indiquem actividades ilegais. <\/p>\n<p>As obriga\u00e7\u00f5es de remover ou bloquear a utiliza\u00e7\u00e3o de informa\u00e7\u00f5es, de acordo com a legisla\u00e7\u00e3o geral, n\u00e3o s\u00e3o afectadas por esta situa\u00e7\u00e3o. No entanto, a responsabilidade a este respeito s\u00f3 \u00e9 poss\u00edvel a partir do momento em que tomamos conhecimento de uma infra\u00e7\u00e3o espec\u00edfica. Assim que tivermos conhecimento de viola\u00e7\u00f5es legais, removeremos imediatamente esse conte\u00fado.  <\/p>\n<p> <\/p>\n<h2 class=\"wp-block-heading\"><br>Responsabilidade pelas liga\u00e7\u00f5es<\/h2>\n<p>O nosso s\u00edtio Web cont\u00e9m liga\u00e7\u00f5es para s\u00edtios Web externos de terceiros sobre cujo conte\u00fado n\u00e3o temos qualquer influ\u00eancia. Por conseguinte, n\u00e3o podemos aceitar qualquer responsabilidade por este conte\u00fado de terceiros. O respetivo fornecedor ou operador das p\u00e1ginas \u00e9 sempre respons\u00e1vel pelo conte\u00fado das p\u00e1ginas ligadas. Os conte\u00fados ilegais n\u00e3o eram reconhec\u00edveis no momento da liga\u00e7\u00e3o.   <\/p>\n<p>No entanto, o controlo permanente do conte\u00fado das p\u00e1ginas ligadas n\u00e3o \u00e9 razo\u00e1vel sem provas concretas de uma infra\u00e7\u00e3o. Se tivermos conhecimento de quaisquer infrac\u00e7\u00f5es legais, removeremos imediatamente essas liga\u00e7\u00f5es. <\/p>\n<p> <\/p>\n<h2 class=\"wp-block-heading\">Direitos de autor<\/h2>\n<p>O conte\u00fado e os trabalhos criados pelo operador do s\u00edtio (ella media ag) nestas p\u00e1ginas est\u00e3o protegidos por direitos de autor e todos os direitos est\u00e3o reservados ao detentor dos direitos de autor. A reprodu\u00e7\u00e3o, edi\u00e7\u00e3o, distribui\u00e7\u00e3o e qualquer forma de utiliza\u00e7\u00e3o fora dos limites da lei dos direitos de autor requerem o consentimento pr\u00e9vio por escrito do respetivo autor ou criador. Os downloads e c\u00f3pias deste s\u00edtio s\u00f3 s\u00e3o permitidos para uso privado e n\u00e3o comercial.  <\/p>\n<p>Na medida em que o conte\u00fado deste s\u00edtio n\u00e3o foi criado pelo operador, os direitos de autor de terceiros s\u00e3o respeitados. Em particular, os conte\u00fados de terceiros s\u00e3o assinalados como tal. No entanto, se tiveres conhecimento de uma viola\u00e7\u00e3o dos direitos de autor, informa-nos. Se tivermos conhecimento de qualquer infra\u00e7\u00e3o, removeremos imediatamente esse conte\u00fado.   <\/p>\t\t\t\t\t\t\t\t<\/div>\n\t\t\t\t<\/div>\n\t\t<div class=\"elementor-element elementor-element-bd07d45 e-con-full e-flex e-con e-child\" data-id=\"bd07d45\" data-element_type=\"container\">\n\t\t\t\t<\/div>\n\t\t\t\t\t<\/div>\n\t\t\t\t<\/div>\n\t\t\t\t<\/div>\n\t\t","protected":false},"excerpt":{"rendered":"<p>Impress\u00e3o Respons\u00e1vel pelo conte\u00fado e pelo funcionamento Ella Media AG Metallstrasse 9a6300 Zug, Su\u00ed\u00e7a Representada pelo Conselho de Administra\u00e7\u00e3o:Michael Keusgen (Presidente)Inscrita no registo comercial do Cant\u00e3o de Zug (Su\u00ed\u00e7a) com o n\u00famero de registo: CHE-370.592.352 N\u00famero do imposto sobre o valor acrescentado: CHE-370.592.352 IVA Contacta-nos Endere\u00e7o postal: Ella Media AGMetallstrasse 9a6300 Zug, Su\u00ed\u00e7a Correio eletr\u00f3nico: [&hellip;]<\/p>\n","protected":false},"author":10,"featured_media":0,"parent":0,"menu_order":0,"comment_status":"closed","ping_status":"closed","template":"","meta":{"content-type":"","footnotes":""},"class_list":["post-1285","page","type-page","status-publish","hentry"],"yoast_head":"<!-- This site is optimized with the Yoast SEO plugin v25.4 - https:\/\/yoast.com\/wordpress\/plugins\/seo\/ -->\n<title>Impress\u00e3o - APOKI<\/title>\n<meta name=\"robots\" content=\"index, follow, max-snippet:-1, max-image-preview:large, max-video-preview:-1\" \/>\n<link rel=\"canonical\" href=\"https:\/\/www.apotheken-ki.de\/pt-pt\/impressao\/\" \/>\n<meta property=\"og:locale\" content=\"pt_PT\" \/>\n<meta property=\"og:type\" content=\"article\" \/>\n<meta property=\"og:title\" content=\"Impress\u00e3o - APOKI\" \/>\n<meta property=\"og:description\" content=\"Impress\u00e3o Respons\u00e1vel pelo conte\u00fado e pelo funcionamento Ella Media AG Metallstrasse 9a6300 Zug, Su\u00ed\u00e7a Representada pelo Conselho de Administra\u00e7\u00e3o:Michael Keusgen (Presidente)Inscrita no registo comercial do Cant\u00e3o de Zug (Su\u00ed\u00e7a) com o n\u00famero de registo: CHE-370.592.352 N\u00famero do imposto sobre o valor acrescentado: CHE-370.592.352 IVA Contacta-nos Endere\u00e7o postal: Ella Media AGMetallstrasse 9a6300 Zug, Su\u00ed\u00e7a Correio eletr\u00f3nico: [&hellip;]\" \/>\n<meta property=\"og:url\" content=\"https:\/\/www.apotheken-ki.de\/pt-pt\/impressao\/\" \/>\n<meta property=\"og:site_name\" content=\"APOKI\" \/>\n<meta property=\"article:modified_time\" content=\"2025-04-06T14:59:18+00:00\" \/>\n<meta name=\"twitter:label1\" content=\"Tempo estimado de leitura\" \/>\n\t<meta name=\"twitter:data1\" content=\"2 minutos\" \/>\n<script type=\"application\/ld+json\" class=\"yoast-schema-graph\">{\"@context\":\"https:\/\/schema.org\",\"@graph\":[{\"@type\":\"WebPage\",\"@id\":\"https:\/\/www.apotheken-ki.de\/pt-pt\/impressao\/\",\"url\":\"https:\/\/www.apotheken-ki.de\/pt-pt\/impressao\/\",\"name\":\"Impress\u00e3o - APOKI\",\"isPartOf\":{\"@id\":\"https:\/\/www.apotheken-ki.de\/pt-pt\/#website\"},\"datePublished\":\"2025-03-14T09:32:59+00:00\",\"dateModified\":\"2025-04-06T14:59:18+00:00\",\"breadcrumb\":{\"@id\":\"https:\/\/www.apotheken-ki.de\/pt-pt\/impressao\/#breadcrumb\"},\"inLanguage\":\"pt-PT\",\"potentialAction\":[{\"@type\":\"ReadAction\",\"target\":[\"https:\/\/www.apotheken-ki.de\/pt-pt\/impressao\/\"]}]},{\"@type\":\"BreadcrumbList\",\"@id\":\"https:\/\/www.apotheken-ki.de\/pt-pt\/impressao\/#breadcrumb\",\"itemListElement\":[{\"@type\":\"ListItem\",\"position\":1,\"name\":\"Home\",\"item\":\"https:\/\/www.apotheken-ki.de\/pt-pt\/\"},{\"@type\":\"ListItem\",\"position\":2,\"name\":\"Impress\u00e3o\"}]},{\"@type\":\"WebSite\",\"@id\":\"https:\/\/www.apotheken-ki.de\/pt-pt\/#website\",\"url\":\"https:\/\/www.apotheken-ki.de\/pt-pt\/\",\"name\":\"APOKI\",\"description\":\"KI-Unterst\u00fctzung f\u00fcr Apotheken\",\"potentialAction\":[{\"@type\":\"SearchAction\",\"target\":{\"@type\":\"EntryPoint\",\"urlTemplate\":\"https:\/\/www.apotheken-ki.de\/pt-pt\/?s={search_term_string}\"},\"query-input\":{\"@type\":\"PropertyValueSpecification\",\"valueRequired\":true,\"valueName\":\"search_term_string\"}}],\"inLanguage\":\"pt-PT\"}]}<\/script>\n<!-- \/ Yoast SEO plugin. -->","yoast_head_json":{"title":"Impress\u00e3o - APOKI","robots":{"index":"index","follow":"follow","max-snippet":"max-snippet:-1","max-image-preview":"max-image-preview:large","max-video-preview":"max-video-preview:-1"},"canonical":"https:\/\/www.apotheken-ki.de\/pt-pt\/impressao\/","og_locale":"pt_PT","og_type":"article","og_title":"Impress\u00e3o - APOKI","og_description":"Impress\u00e3o Respons\u00e1vel pelo conte\u00fado e pelo funcionamento Ella Media AG Metallstrasse 9a6300 Zug, Su\u00ed\u00e7a Representada pelo Conselho de Administra\u00e7\u00e3o:Michael Keusgen (Presidente)Inscrita no registo comercial do Cant\u00e3o de Zug (Su\u00ed\u00e7a) com o n\u00famero de registo: CHE-370.592.352 N\u00famero do imposto sobre o valor acrescentado: CHE-370.592.352 IVA Contacta-nos Endere\u00e7o postal: Ella Media AGMetallstrasse 9a6300 Zug, Su\u00ed\u00e7a Correio eletr\u00f3nico: [&hellip;]","og_url":"https:\/\/www.apotheken-ki.de\/pt-pt\/impressao\/","og_site_name":"APOKI","article_modified_time":"2025-04-06T14:59:18+00:00","twitter_misc":{"Tempo estimado de leitura":"2 minutos"},"schema":{"@context":"https:\/\/schema.org","@graph":[{"@type":"WebPage","@id":"https:\/\/www.apotheken-ki.de\/pt-pt\/impressao\/","url":"https:\/\/www.apotheken-ki.de\/pt-pt\/impressao\/","name":"Impress\u00e3o - APOKI","isPartOf":{"@id":"https:\/\/www.apotheken-ki.de\/pt-pt\/#website"},"datePublished":"2025-03-14T09:32:59+00:00","dateModified":"2025-04-06T14:59:18+00:00","breadcrumb":{"@id":"https:\/\/www.apotheken-ki.de\/pt-pt\/impressao\/#breadcrumb"},"inLanguage":"pt-PT","potentialAction":[{"@type":"ReadAction","target":["https:\/\/www.apotheken-ki.de\/pt-pt\/impressao\/"]}]},{"@type":"BreadcrumbList","@id":"https:\/\/www.apotheken-ki.de\/pt-pt\/impressao\/#breadcrumb","itemListElement":[{"@type":"ListItem","position":1,"name":"Home","item":"https:\/\/www.apotheken-ki.de\/pt-pt\/"},{"@type":"ListItem","position":2,"name":"Impress\u00e3o"}]},{"@type":"WebSite","@id":"https:\/\/www.apotheken-ki.de\/pt-pt\/#website","url":"https:\/\/www.apotheken-ki.de\/pt-pt\/","name":"APOKI","description":"KI-Unterst\u00fctzung f\u00fcr Apotheken","potentialAction":[{"@type":"SearchAction","target":{"@type":"EntryPoint","urlTemplate":"https:\/\/www.apotheken-ki.de\/pt-pt\/?s={search_term_string}"},"query-input":{"@type":"PropertyValueSpecification","valueRequired":true,"valueName":"search_term_string"}}],"inLanguage":"pt-PT"}]}},"_links":{"self":[{"href":"https:\/\/www.apotheken-ki.de\/pt-pt\/wp-json\/wp\/v2\/pages\/1285","targetHints":{"allow":["GET"]}}],"collection":[{"href":"https:\/\/www.apotheken-ki.de\/pt-pt\/wp-json\/wp\/v2\/pages"}],"about":[{"href":"https:\/\/www.apotheken-ki.de\/pt-pt\/wp-json\/wp\/v2\/types\/page"}],"author":[{"embeddable":true,"href":"https:\/\/www.apotheken-ki.de\/pt-pt\/wp-json\/wp\/v2\/users\/10"}],"replies":[{"embeddable":true,"href":"https:\/\/www.apotheken-ki.de\/pt-pt\/wp-json\/wp\/v2\/comments?post=1285"}],"version-history":[{"count":1,"href":"https:\/\/www.apotheken-ki.de\/pt-pt\/wp-json\/wp\/v2\/pages\/1285\/revisions"}],"predecessor-version":[{"id":1286,"href":"https:\/\/www.apotheken-ki.de\/pt-pt\/wp-json\/wp\/v2\/pages\/1285\/revisions\/1286"}],"wp:attachment":[{"href":"https:\/\/www.apotheken-ki.de\/pt-pt\/wp-json\/wp\/v2\/media?parent=1285"}],"curies":[{"name":"wp","href":"https:\/\/api.w.org\/{rel}","templated":true}]}}