{"id":1365,"date":"2025-03-14T13:03:44","date_gmt":"2025-03-14T13:03:44","guid":{"rendered":"https:\/\/www.apotheken-ki.de\/protecao-de-dados\/"},"modified":"2025-04-09T11:30:41","modified_gmt":"2025-04-09T11:30:41","slug":"protecao-de-dados","status":"publish","type":"page","link":"https:\/\/www.apotheken-ki.de\/pt-pt\/protecao-de-dados\/","title":{"rendered":"Prote\u00e7\u00e3o de dados"},"content":{"rendered":"\t\t<div data-elementor-type=\"wp-page\" data-elementor-id=\"1365\" class=\"elementor elementor-1365 elementor-634\" data-elementor-post-type=\"page\">\n\t\t\t\t<div class=\"elementor-element elementor-element-f1b3da6 e-flex e-con-boxed e-con e-parent\" data-id=\"f1b3da6\" data-element_type=\"container\">\n\t\t\t\t\t<div class=\"e-con-inner\">\n\t\t\t\t<div class=\"elementor-element elementor-element-73d71dd elementor-widget elementor-widget-heading\" data-id=\"73d71dd\" data-element_type=\"widget\" data-widget_type=\"heading.default\">\n\t\t\t\t\t<h2 class=\"elementor-heading-title elementor-size-default\">Condi\u00e7\u00f5es de prote\u00e7\u00e3o de dados<\/h2>\t\t\t\t<\/div>\n\t\t\t\t\t<\/div>\n\t\t\t\t<\/div>\n\t\t<div class=\"elementor-element elementor-element-1d2ac6a e-flex e-con-boxed e-con e-parent\" data-id=\"1d2ac6a\" data-element_type=\"container\">\n\t\t\t\t\t<div class=\"e-con-inner\">\n\t\t<div class=\"elementor-element elementor-element-5923281 e-con-full e-flex e-con e-child\" data-id=\"5923281\" data-element_type=\"container\">\n\t\t\t\t<\/div>\n\t\t<div class=\"elementor-element elementor-element-8d56e59 e-con-full e-flex e-con e-child\" data-id=\"8d56e59\" data-element_type=\"container\">\n\t\t\t\t<div class=\"elementor-element elementor-element-f3fb222 elementor-widget elementor-widget-text-editor\" data-id=\"f3fb222\" data-element_type=\"widget\" data-widget_type=\"text-editor.default\">\n\t\t\t\t\t\t\t\t\t<p>Levamos a tua prote\u00e7\u00e3o de dados muito a s\u00e9rio e tratamos os teus dados pessoais de forma confidencial e de acordo com as disposi\u00e7\u00f5es legais. Uma vez que as novas tecnologias e o constante desenvolvimento deste s\u00edtio Web podem resultar em altera\u00e7\u00f5es a esta declara\u00e7\u00e3o de prote\u00e7\u00e3o de dados, recomendamos que leias regularmente a declara\u00e7\u00e3o de prote\u00e7\u00e3o de dados. Para al\u00e9m da presente declara\u00e7\u00e3o de prote\u00e7\u00e3o de dados, outras declara\u00e7\u00f5es de prote\u00e7\u00e3o de dados podem regular quest\u00f5es espec\u00edficas.  <\/p><p>A presente pol\u00edtica de privacidade est\u00e1 em conformidade com o Regulamento Geral sobre a Prote\u00e7\u00e3o de Dados (RGPD) da UE. Embora o GDPR seja um regulamento da Uni\u00e3o Europeia (UE), ele \u00e9 relevante para n\u00f3s. A Lei de Prote\u00e7\u00e3o de Dados da Su\u00ed\u00e7a (DSG) \u00e9 fortemente influenciada pela legisla\u00e7\u00e3o da UE e as empresas fora da Uni\u00e3o Europeia ou do Espa\u00e7o Econ\u00f3mico Europeu (EEE) devem cumprir o RGPD em determinadas circunst\u00e2ncias. Por isso, alinh\u00e1mos esta pol\u00edtica de privacidade com a norma.   <\/p><p>Para efeitos da presente pol\u00edtica de privacidade, entende-se por dados pessoais qualquer informa\u00e7\u00e3o relativa a uma pessoa identificada ou identific\u00e1vel. Se nos forneceres os dados pessoais de outras pessoas (por exemplo, familiares ou colegas de trabalho), certifica-te de que essas pessoas t\u00eam conhecimento desta pol\u00edtica de privacidade e s\u00f3 nos fornecer\u00e1s os seus dados pessoais se estiveres autorizado a faz\u00ea-lo e se esses dados pessoais estiverem corretos. <\/p><h2 class=\"wp-block-heading\"><strong>Nome e dados de contacto do(s) respons\u00e1vel(eis) pelo tratamento<\/strong><\/h2><p>Esta informa\u00e7\u00e3o sobre prote\u00e7\u00e3o de dados aplica-se ao processamento de dados por n\u00f3s, enquanto respons\u00e1veis pelo tratamento:<\/p><p>Ella Media AG;<\/p><p>Metallstrasse 9a; 6300 Zug; Su\u00ed\u00e7a; <a href=\"mailto:verwaltung@ella-group.io\">verwaltung@ella-group.io<\/a><\/p><p>Para mais informa\u00e7\u00f5es sobre a nossa empresa, consulta o aviso legal no nosso s\u00edtio Web <a href=\"https:\/\/www.ella-group.io\/impressum\/\">https:\/\/www.ella-group.io\/impressum\/<\/a><\/p><p> <\/p><h2 class=\"wp-block-heading\">Enviar um pedido de informa\u00e7\u00e3o<\/h2><h2>Utiliza\u00e7\u00e3o da ferramenta de pedidos dos titulares dos dados (DSR) para a gest\u00e3o dos pedidos dos titulares dos dados<\/h2><h3>1. \u00e2mbito do tratamento de dados pessoais<\/h3><p>Utilizamos as funcionalidades do plugin de prote\u00e7\u00e3o de dados &#8220;DSR&#8221; da DataCo GmbH, Dachauer Str. 65, 80335, Munique, Baviera, Alemanha (doravante designada por: DataCo).<\/p><p>Ao utilizar o bot\u00e3o &#8220;Enviar pedido do titular dos dados&#8221;, todos os visitantes do nosso s\u00edtio Web t\u00eam a oportunidade de exercer os seus direitos de titular dos dados. Para tal, indica a sua rela\u00e7\u00e3o com a nossa empresa, qual o direito da pessoa em causa que pretende exercer, fornece outras informa\u00e7\u00f5es opcionais e, se necess\u00e1rio, identifica-se com outras carater\u00edsticas. O pedido do titular dos dados ser\u00e1 ent\u00e3o processado por n\u00f3s.  <\/p><p>Os seguintes dados pessoais s\u00e3o processados pela DataCo:<\/p><ul><li>Apelido<\/li><li>Nome pr\u00f3prio<\/li><li>Refer\u00eancia \u00e0 pessoa respons\u00e1vel (empregado, cliente, parte interessada, etc.)<\/li><li>Endere\u00e7o de correio eletr\u00f3nico<\/li><li>Outros dados pessoais comunicados voluntariamente<\/li><\/ul><p>Para mais informa\u00e7\u00f5es sobre o tratamento de dados pela DataCo, consulta: <a href=\"https:\/\/ella-group.io\/datenschutzerklaerung\/\">https:\/\/www.dataguard.de\/datenschutzerklaerung<\/a><\/p><p>Al\u00e9m disso, os ficheiros de registo que cont\u00eam os seguintes elementos podem ser transmitidos \u00e0 DataCo GmbH para garantir a funcionalidade t\u00e9cnica:<\/p><ul><li>Informa\u00e7\u00f5es sobre o tipo e a vers\u00e3o do browser utilizado<\/li><li>O sistema operativo do utilizador<\/li><li>O fornecedor de servi\u00e7os Internet do utilizador<\/li><li>O endere\u00e7o IP do utilizador<\/li><li>Data e hora de acesso<\/li><li>S\u00edtios Web a partir dos quais o sistema do utilizador fez o pedido<\/li><\/ul><h3>2. finalidade do tratamento dos dados<\/h3><p>A utiliza\u00e7\u00e3o do DSR serve para salvaguardar os direitos dos titulares dos dados dos visitantes do nosso s\u00edtio Web. Isto permite-te fazer uso dos teus direitos enquanto titular dos dados e contactar-nos r\u00e1pida e facilmente. <\/p><h3>3. base jur\u00eddica para o tratamento de dados pessoais<\/h3><p>A base legal para a utiliza\u00e7\u00e3o da ferramenta DSR e para o envio dos dados correspondentes \u00e9 a tua declara\u00e7\u00e3o de consentimento, de acordo com o Art. 6, par\u00e1grafo 1, frase 1 lit. a do RGPD.  <\/p><p>A base legal para a utiliza\u00e7\u00e3o dos ficheiros de registo \u00e9 o nosso interesse leg\u00edtimo em garantir a funcionalidade t\u00e9cnica da ferramenta, de acordo com o Art. 6, par\u00e1grafo 1, frase 1 lit. f do RGPD.  <\/p><h3>4. Dura\u00e7\u00e3o da armazenagem<\/h3><p>As tuas informa\u00e7\u00f5es pessoais ser\u00e3o guardadas durante o tempo necess\u00e1rio para cumprir os objectivos descritos nesta pol\u00edtica de privacidade ou conforme exigido por lei.<\/p><h3>5. op\u00e7\u00e3o de cancelamento e remo\u00e7\u00e3o<\/h3><p>Podes opor-te \u00e0 recolha e ao tratamento dos teus dados pessoais ou revogar a tua declara\u00e7\u00e3o de consentimento, contactando o respons\u00e1vel pelo tratamento por correio eletr\u00f3nico ou utilizando a ferramenta DSR.<\/p><div id=\"dg-root\" data-option=\"3\" data-text=\"Betroffenenanfrage stellen\" data-id=\"282mmgH43j74fVrUrWwGoSXi\" data-lang=\"de\"><iframe id=\"dg-btn\"><\/iframe><\/div><h2 class=\"wp-block-heading\">Dados de contacto do respons\u00e1vel pela prote\u00e7\u00e3o de dados<\/h2><p>O respons\u00e1vel pela prote\u00e7\u00e3o de dados do controlador \u00e9:<br>DataCo GmbH<br>Dachauer Stra\u00dfe 65<br>80335 Munique<br>Alemanha<br>+49 89 7400 45840<br>www.dataguard.de<\/p><p> <\/p><h2 class=\"wp-block-heading\">Recolha e armazenamento de dados pessoais e a natureza e finalidade da sua utiliza\u00e7\u00e3o<\/h2><p>a) Ao visitares o s\u00edtio Web<\/p><p>Quando visitas o nosso s\u00edtio Web, o browser utilizado no teu dispositivo envia automaticamente informa\u00e7\u00f5es para o servidor do nosso s\u00edtio Web. Estas informa\u00e7\u00f5es s\u00e3o armazenadas temporariamente (por um per\u00edodo m\u00e1ximo de sete dias) no chamado ficheiro de registo. As seguintes informa\u00e7\u00f5es s\u00e3o registadas sem qualquer a\u00e7\u00e3o da tua parte e armazenadas at\u00e9 serem automaticamente eliminadas:  <\/p><ul class=\"wp-block-list\"><li>Visita o site<\/li><li>Endere\u00e7o IP utilizado pelo computador requerente,<\/li><li>Data e hora de acesso,<\/li><li>Nome e URL do ficheiro recuperado,<\/li><li>Fonte, liga\u00e7\u00e3o a partir da qual chegaste \u00e0 p\u00e1gina<\/li><li>Navegador utilizado<\/li><li>o sistema operativo utilizado no teu computador e o nome do teu fornecedor de acesso.<\/li><li>Quantidade de dados enviados em bytes<\/li><\/ul><p>Processamos os dados acima mencionados para os seguintes fins:<\/p><ul class=\"wp-block-list\"><li>Assegura uma liga\u00e7\u00e3o sem problemas ao s\u00edtio Web,<\/li><li>Para garantir uma utiliza\u00e7\u00e3o conveniente do nosso s\u00edtio Web e a sua otimiza\u00e7\u00e3o,<\/li><li>Garantir a seguran\u00e7a e a estabilidade do sistema e<\/li><li>para outros fins administrativos.<\/li><\/ul><p>A base legal para o processamento de dados \u00e9 o Art. 6, par\u00e1grafo 1 lit. f do RGPD. O nosso interesse leg\u00edtimo decorre das finalidades da recolha de dados acima indicadas. Em caso algum utilizamos os dados recolhidos com o objetivo de tirar conclus\u00f5es sobre a tua pessoa.    <\/p><p>Tamb\u00e9m utilizamos cookies e servi\u00e7os de an\u00e1lise quando visitas o nosso s\u00edtio Web. Podes encontrar explica\u00e7\u00f5es mais detalhadas sobre isto nas sec\u00e7\u00f5es 5 e 6 desta pol\u00edtica de privacidade.  <\/p><p>b) Quando utilizas o nosso formul\u00e1rio de contacto<\/p><p>No nosso s\u00edtio Web existe um formul\u00e1rio de contacto que pode ser utilizado para nos contactar por via eletr\u00f3nica. Os dados que introduzires na m\u00e1scara de entrada ser-nos-\u00e3o transmitidos e armazenados por n\u00f3s. Podemos solicitar-te os seguintes dados:  <\/p><ul class=\"wp-block-list\"><li>G\u00e9nero<\/li><li>Apelido, nome pr\u00f3prio, endere\u00e7o de resid\u00eancia, nacionalidade, empresa<\/li><li>Endere\u00e7o de correio eletr\u00f3nico, n\u00famero de telefone<\/li><li>Data e hora do contacto<\/li><li>Motivo do contacto e texto livre<\/li><\/ul><p>Quando envias a tua mensagem, os seguintes dados tamb\u00e9m s\u00e3o guardados:<\/p><ul class=\"wp-block-list\"><li>O teu endere\u00e7o IP<\/li><li>Data e hora de envio<\/li><\/ul><p>O tratamento de dados para efeitos de contacto connosco \u00e9 efectuado de acordo com o art. 6, n.\u00ba 1, al\u00ednea a) do RGPD, com base no seu consentimento volunt\u00e1rio. Os dados pessoais recolhidos por n\u00f3s para a utiliza\u00e7\u00e3o do formul\u00e1rio de contacto ser\u00e3o automaticamente eliminados ap\u00f3s o tratamento do teu pedido de informa\u00e7\u00e3o.   <\/p><p>c) Ao registares-te para uma subscri\u00e7\u00e3o em linha<\/p><p>Utilizamos no nosso site um software que permite ao utilizador registar-se como investidor. Ao selecionar o plugin &#8220;Iniciar subscri\u00e7\u00e3o aqui&#8221;, ser-te-\u00e1 pedido que introduzas os seguintes dados na m\u00e1scara de entrada, que nos ser\u00e3o transmitidos e armazenados: <\/p><ul class=\"wp-block-list\"><li>T\u00edtulo da sauda\u00e7\u00e3o<\/li><li>Nome pr\u00f3prio, apelido, endere\u00e7o de resid\u00eancia, nacionalidade<\/li><li>Autoriza\u00e7\u00e3o para representar a empresa e o domic\u00edlio<\/li><li>Endere\u00e7o de correio eletr\u00f3nico, n\u00famero de telefone<\/li><li>Recolha e reconhecimento do TCG<\/li><li>Recolha e reconhecimento das disposi\u00e7\u00f5es relativas \u00e0 prote\u00e7\u00e3o de dados<\/li><li>Consente em receber mensagens de correio eletr\u00f3nico para fins publicit\u00e1rios (opcional)<\/li><li>Valor da subscri\u00e7\u00e3o pretendida<\/li><li>Data de nascimento<\/li><\/ul><p>A base jur\u00eddica para o tratamento de dados para efeitos de subscri\u00e7\u00e3o em linha \u00e9 o artigo 6.\u00ba, n.\u00ba 1, al\u00edneas b), c) e f) do RGPD. O nosso interesse leg\u00edtimo consiste em obter novos subscritores ou investidores para a nossa empresa.  <\/p><p>d) Quando um e-mail \u00e9 enviado, os dados pessoais transmitidos com o e-mail, incluindo o endere\u00e7o de e-mail do utilizador, ser\u00e3o armazenados. Isto serve para processar e responder ao teu pedido de informa\u00e7\u00e3o, por exemplo, para responder a perguntas relacionadas com produtos, investimentos da empresa ou aplica\u00e7\u00f5es, com base no Art. 6, par\u00e1grafo 1 lit. a, b ou f do RGPD.   <\/p><p>e) Envia-nos igualmente uma c\u00f3pia do teu BI para completar a assinatura. Para al\u00e9m dos dados referidos na al\u00ednea c), ser\u00e3o conservados os seguintes dados <\/p><ul class=\"wp-block-list\"><li>Local de nascimento<\/li><li>Local de exposi\u00e7\u00e3o<\/li><li>Autoridade emissora<\/li><li>N\u00famero do bilhete de identidade<\/li><\/ul><p>Os dados s\u00e3o recolhidos para estabelecer claramente a identidade do parceiro contratual e para cumprir obriga\u00e7\u00f5es legais, em particular para prevenir o branqueamento de capitais e estabelecer a identidade, para o que os dados mencionados nas al\u00edneas c) e e) podem tamb\u00e9m ser transmitidos a bancos ou consultores externos com os quais a Ella Media AG coopera ou a autoridades estatais. A base jur\u00eddica para este efeito \u00e9 o n.\u00ba 1, al\u00edneas b) e c), do artigo 6.  <\/p><p> <\/p><p>f) Inscri\u00e7\u00e3o no boletim informativo  <\/p><p>Podes inscrever-te para receber a nossa newsletter numa sec\u00e7\u00e3o separada do nosso s\u00edtio Web. Para tal, tens de introduzir o teu endere\u00e7o de e-mail. Armazenamos esta informa\u00e7\u00e3o e processamo-la para efeitos de envio da newsletter com base no Art. 6, par\u00e1grafo 1 lit. a do RGPD, de acordo com o teu consentimento volunt\u00e1rio.    <\/p><hr class=\"wp-block-separator has-alpha-channel-opacity\"><p> <\/p><p> <\/p><h2 class=\"wp-block-heading\">Encaminhamento de dados<\/h2><p>Os teus dados pessoais n\u00e3o ser\u00e3o transferidos para terceiros para outros fins que n\u00e3o os abaixo indicados.<\/p><p>S\u00f3 transmitimos os teus dados pessoais a terceiros se:<\/p><ul class=\"wp-block-list\"><li>deste o teu consentimento expresso de acordo com o Art. 6, par\u00e1grafo 1 lit. a do RGPD,  <\/li><li>a divulga\u00e7\u00e3o nos termos do art. 6.\u00ba, n.\u00ba 1, al\u00ednea f), do RGPD \u00e9 necess\u00e1ria para a afirma\u00e7\u00e3o, o exerc\u00edcio ou a defesa de reivindica\u00e7\u00f5es legais e n\u00e3o h\u00e1 raz\u00e3o para supor que tens um interesse superior digno de prote\u00e7\u00e3o em n\u00e3o divulgar os teus dados,  <\/li><li>no caso de existir uma obriga\u00e7\u00e3o legal de divulga\u00e7\u00e3o nos termos do art. 6.\u00ba, n.\u00ba 1, al\u00ednea c), do RGPD, e  <\/li><li>isto \u00e9 legalmente permitido e necess\u00e1rio para o processamento de rela\u00e7\u00f5es contratuais contigo, de acordo com o Art. 6, par\u00e1grafo 1 lit. b do RGPD (por exemplo, verifica\u00e7\u00e3o da identidade do investidor pelo banco envolvido no processamento do contrato por n\u00f3s).  <\/li><\/ul><h2 class=\"wp-block-heading\">Dura\u00e7\u00e3o da conserva\u00e7\u00e3o dos dados pessoais<\/h2><p>Processamos e armazenamos os teus dados pessoais durante o tempo necess\u00e1rio para o cumprimento das nossas obriga\u00e7\u00f5es contratuais e legais ou para os fins pretendidos com o processamento, ou seja, durante toda a rela\u00e7\u00e3o comercial (desde o in\u00edcio, processamento at\u00e9 \u00e0 rescis\u00e3o de um contrato) e, para al\u00e9m disso, de acordo com as obriga\u00e7\u00f5es legais de reten\u00e7\u00e3o e documenta\u00e7\u00e3o. \u00c9 poss\u00edvel que os dados pessoais sejam armazenados durante o per\u00edodo em que podem ser feitas reclama\u00e7\u00f5es contra a nossa empresa (ou seja, em particular durante o per\u00edodo de prescri\u00e7\u00e3o legal) e na medida em que sejamos legalmente obrigados a faz\u00ea-lo ou que interesses comerciais leg\u00edtimos o exijam (por exemplo, para fins de prova e documenta\u00e7\u00e3o). Assim que os teus dados pessoais deixarem de ser necess\u00e1rios para os fins acima mencionados, ser\u00e3o eliminados ou tornados an\u00f3nimos na medida do poss\u00edvel. Os per\u00edodos de reten\u00e7\u00e3o mais curtos, de doze meses ou menos, aplicam-se geralmente a dados operacionais (por exemplo, protocolos de sistema, registos).   <\/p><h2 class=\"wp-block-heading\">Cookies<\/h2><p>Utilizamos cookies no nosso s\u00edtio Web. Trata-se de pequenos ficheiros que o teu browser cria automaticamente e que s\u00e3o armazenados no teu dispositivo final (computador port\u00e1til, tablet, smartphone, etc.) quando visitas o nosso s\u00edtio Web. Os cookies n\u00e3o causam qualquer dano ao teu dispositivo final e n\u00e3o cont\u00eam v\u00edrus, cavalos de Troia ou outro malware.  <\/p><p>As informa\u00e7\u00f5es s\u00e3o armazenadas no cookie que resulta, em cada caso, em liga\u00e7\u00e3o com o dispositivo final espec\u00edfico utilizado. No entanto, isto n\u00e3o significa que tenhamos conhecimento direto da tua identidade. <\/p><p>Por um lado, a utiliza\u00e7\u00e3o de cookies serve para tornar a utiliza\u00e7\u00e3o do nosso s\u00edtio Web mais agrad\u00e1vel para ti. Por exemplo, utilizamos os chamados cookies de sess\u00e3o para reconhecer que j\u00e1 visitaste p\u00e1ginas individuais do nosso s\u00edtio Web. Estes s\u00e3o automaticamente apagados depois de sa\u00edres do nosso site.  <\/p><p>Al\u00e9m disso, tamb\u00e9m utilizamos cookies tempor\u00e1rios para otimizar a facilidade de utiliza\u00e7\u00e3o, que s\u00e3o armazenados no teu dispositivo final durante um determinado per\u00edodo de tempo. Se voltares a visitar o nosso site para utilizar os nossos servi\u00e7os, \u00e9 automaticamente reconhecido que j\u00e1 nos visitaste e quais as entradas e defini\u00e7\u00f5es que fizeste, para que n\u00e3o tenhas de as introduzir novamente. Os dados processados por estes cookies s\u00e3o necess\u00e1rios para os fins mencionados, para salvaguardar os nossos interesses leg\u00edtimos e os de terceiros, de acordo com o Art. 6, n.\u00ba 1, al\u00ednea f) do RGPD.    <\/p><p>Por outro lado, utilizamos cookies para registar estatisticamente a utiliza\u00e7\u00e3o do nosso s\u00edtio Web e para o avaliar com o objetivo de otimizar a nossa oferta para si (ver sec\u00e7\u00e3o 5). Estes cookies permitem-nos reconhecer automaticamente que j\u00e1 visitaste o nosso s\u00edtio Web quando o voltas a visitar. Estes cookies s\u00e3o automaticamente eliminados ap\u00f3s um per\u00edodo de tempo definido. Quando visita o nosso s\u00edtio Web, uma faixa informativa informa-o sobre a utiliza\u00e7\u00e3o de cookies para fins de an\u00e1lise, remete-o para as informa\u00e7\u00f5es sobre prote\u00e7\u00e3o de dados e obt\u00e9m o seu consentimento.   <\/p><p>A maioria dos browsers aceita cookies automaticamente. No entanto, podes configurar o teu browser para que n\u00e3o sejam armazenados cookies no teu computador ou para que apare\u00e7a sempre uma mensagem antes de ser criado um novo cookie. No entanto, desativar os cookies pode significar que n\u00e3o podes utilizar todas as fun\u00e7\u00f5es do nosso s\u00edtio Web.  <\/p><p> <\/p><p> <\/p><h2 class=\"wp-block-heading\">Ferramentas de an\u00e1lise e de acompanhamento<\/h2><p>As medidas de rastreamento listadas abaixo e utilizadas por n\u00f3s s\u00e3o realizadas com base no Art. 6, par\u00e1grafo 1 lit. f do RGPD. Com as medidas de rastreamento utilizadas, queremos garantir um design baseado nas necessidades e a otimiza\u00e7\u00e3o cont\u00ednua do nosso website. Por outro lado, utilizamos as medidas de rastreio para registar estatisticamente a utiliza\u00e7\u00e3o da nossa p\u00e1gina de Internet e para a avaliar com o objetivo de otimizar a nossa oferta para ti. Estes interesses devem ser considerados leg\u00edtimos na ace\u00e7\u00e3o da disposi\u00e7\u00e3o acima mencionada.     <\/p><p>As respectivas finalidades de processamento de dados e categorias de dados podem ser encontradas nas ferramentas de rastreio correspondentes.<\/p><p>a) Google Analytics<\/p><p>Utilizamos o Google Analytics, um servi\u00e7o de an\u00e1lise da Web da Google Inc (https:\/\/www.google.de\/intl\/de\/about\/) (1600 Amphitheatre Parkway, Mountain View, CA 94043, EUA; doravante designado por &#8220;Google&#8221;) com o objetivo de conceber e otimizar continuamente o nosso s\u00edtio Web para satisfazer as suas necessidades. Neste contexto, s\u00e3o criados perfis de utilizador pseudonimizados e s\u00e3o utilizados cookies (ver sec\u00e7\u00e3o 4). As informa\u00e7\u00f5es geradas pelo cookie sobre a tua utiliza\u00e7\u00e3o deste s\u00edtio Web, tais como   <\/p><ul class=\"wp-block-list\"><li>Endere\u00e7o IP do sistema de acesso do utilizador<\/li><li>acedeu ao s\u00edtio Web<\/li><li>S\u00edtio Web a partir do qual o utilizador chegou ao s\u00edtio Web acedido<\/li><li>Subp\u00e1ginas que s\u00e3o acedidas a partir do s\u00edtio Web acedido<\/li><li>Tempo passado no s\u00edtio Web<\/li><li>Frequ\u00eancia de visitas ao s\u00edtio Web<\/li><li>Informa\u00e7\u00f5es demogr\u00e1ficas e geogr\u00e1ficas (se fornecidas)<\/li><li>Informa\u00e7\u00f5es t\u00e9cnicas sobre o dispositivo de acesso e o software utilizado<\/li><\/ul><p>s\u00e3o normalmente transferidos para um servidor da Google nos EUA e a\u00ed armazenados. As informa\u00e7\u00f5es s\u00e3o utilizadas para analisar a utiliza\u00e7\u00e3o do s\u00edtio Web, para compilar relat\u00f3rios sobre a atividade do s\u00edtio Web e para fornecer outros servi\u00e7os relacionados com a atividade do s\u00edtio Web e a utiliza\u00e7\u00e3o da Internet para efeitos de estudos de mercado e da conce\u00e7\u00e3o deste s\u00edtio Web com base nas necessidades. Estas informa\u00e7\u00f5es tamb\u00e9m podem ser transferidas para terceiros se tal for exigido por lei ou se terceiros processarem estes dados em nosso nome. Em nenhuma circunst\u00e2ncia o teu endere\u00e7o IP ser\u00e1 fundido com outros dados do Google. Os endere\u00e7os IP s\u00e3o anonimizados para que n\u00e3o possam ser atribu\u00eddos (m\u00e1scara de IP).    <\/p><p>Podes recusar a utiliza\u00e7\u00e3o de cookies selecionando as defini\u00e7\u00f5es apropriadas no teu browser, no entanto, tem em aten\u00e7\u00e3o que, se o fizeres, poder\u00e1s n\u00e3o conseguir utilizar todas as funcionalidades deste s\u00edtio Web.<\/p><p>Tamb\u00e9m podes impedir a recolha de dados gerados pelo cookie e relacionados com a tua utiliza\u00e7\u00e3o do s\u00edtio Web (incluindo o teu endere\u00e7o IP) e o processamento destes dados pela Google, descarregando e instalando um suplemento do navegador (https:\/\/tools.google.com\/dlpage\/gaoptout?hl=de).<\/p><p>Como alternativa ao complemento do browser, especialmente para browsers em dispositivos m\u00f3veis, tamb\u00e9m podes impedir que o Google Analytics recolha dados clicando nesta liga\u00e7\u00e3o. Ser\u00e1 definido um cookie de exclus\u00e3o para impedir a futura recolha dos teus dados quando visitares este s\u00edtio Web. O cookie de exclus\u00e3o s\u00f3 \u00e9 v\u00e1lido neste navegador e apenas para o nosso s\u00edtio Web, sendo armazenado no teu dispositivo. Se apagares os cookies deste browser, tens de definir novamente o cookie de auto-exclus\u00e3o.   <\/p><p>Para mais informa\u00e7\u00f5es sobre a prote\u00e7\u00e3o de dados em rela\u00e7\u00e3o ao Google Analytics, consulta o centro de ajuda do Google Analytics<a href=\"https:\/\/support.google.com\/analytics\/answer\/6004245?hl=de\">(https:\/\/support.google.com\/analytics\/answer\/6004245?hl=de)<\/a>.<\/p><p> <\/p><p>b) Google Tag Manager<\/p><p>Utilizamos o Google Tag Manager<a href=\"https:\/\/www.google.com\/intl\/de\/tagmanager\/\">(https:\/\/www.google.com\/intl\/de\/tagmanager\/<\/a> ) da Google Ireland Ltd, Gordon House, Barrow Street, D04 E5W5, Dublin, Irlanda (a seguir designado por: Google). O Google Tag Manager pode ser utilizado para gerir e agrupar etiquetas do Google e de servi\u00e7os de terceiros e incorpor\u00e1-las numa presen\u00e7a online. As etiquetas s\u00e3o pequenos elementos de c\u00f3digo numa presen\u00e7a em linha que s\u00e3o utilizados, entre outras coisas, para medir o n\u00famero e o comportamento dos visitantes, para registar o impacto da publicidade em linha e dos canais sociais, para utilizar o remarketing e a segmenta\u00e7\u00e3o e para testar e otimizar as presen\u00e7as em linha. Quando um utilizador visita a presen\u00e7a em linha, a configura\u00e7\u00e3o atual das etiquetas \u00e9 enviada para o browser do utilizador. Cont\u00e9m instru\u00e7\u00f5es sobre as etiquetas que devem ser activadas. O Google Tag Manager acciona outras etiquetas que, por sua vez, podem recolher dados. Para mais informa\u00e7\u00f5es sobre este assunto, consulta as sec\u00e7\u00f5es sobre a utiliza\u00e7\u00e3o dos servi\u00e7os correspondentes na presente pol\u00edtica de privacidade. O Google Tag Manager n\u00e3o acede a estes dados.<br>Para mais informa\u00e7\u00f5es sobre o Google Tag Manager, consulta https:\/\/www.google.com\/intl\/de\/tagmanager\/faq.html e a pol\u00edtica de privacidade da Google: <a href=\"https:\/\/policies.google.com\/privacy?hl=de\">https:\/\/policies.google.com\/privacy?hl=de<\/a><\/p><p>O objetivo do processamento de dados pessoais \u00e9 a recolha e a administra\u00e7\u00e3o clara, bem como a integra\u00e7\u00e3o eficiente de servi\u00e7os de terceiros. A base legal para o processamento dos dados pessoais dos utilizadores \u00e9 geralmente o consentimento do utilizador, de acordo com o Art. 6, par\u00e1grafo 1, frase 1 lit. a do RGPD.   <\/p><p>As tuas informa\u00e7\u00f5es pessoais ser\u00e3o armazenadas durante o tempo necess\u00e1rio para cumprir os objectivos descritos na presente pol\u00edtica de privacidade ou conforme exigido por lei. Os dados de publicidade nos registos do servidor s\u00e3o anonimizados pela Google, que elimina partes do endere\u00e7o IP e das informa\u00e7\u00f5es dos cookies ap\u00f3s 9 e 18 meses, respetivamente. <\/p><p>Tens o direito de revogar a tua declara\u00e7\u00e3o de consentimento ao abrigo da lei de prote\u00e7\u00e3o de dados em qualquer altura. A retirada do consentimento n\u00e3o afecta a legalidade do tratamento baseado no consentimento anterior \u00e0 sua retirada. <br>Podes impedir a recolha e o processamento dos teus dados pessoais pelo Google, impedindo o armazenamento de cookies de terceiros no teu computador, utilizando a fun\u00e7\u00e3o &#8220;N\u00e3o seguir&#8221; de um browser compat\u00edvel, desactivando a execu\u00e7\u00e3o de c\u00f3digo de script no teu browser ou instalando um bloqueador de scripts como o NoScript (https:\/\/noscript.net\/) ou o Ghostery (https:\/\/www.ghostery.com) no teu browser.<br>Tamb\u00e9m podes impedir a Google de recolher os dados gerados pelo cookie e relacionados com a tua utiliza\u00e7\u00e3o da presen\u00e7a online (incluindo o teu endere\u00e7o IP) e de processar estes dados pela Google, descarregando e instalando o plug-in do browser dispon\u00edvel na seguinte liga\u00e7\u00e3o:<br>https:\/\/tools.google.com\/dlpage\/gaoptout?hl=de<br>Podes utilizar a seguinte liga\u00e7\u00e3o para desativar a utiliza\u00e7\u00e3o dos teus dados pessoais pelo Google:<br>https:\/\/adssettings.google.de<br>Para mais informa\u00e7\u00f5es sobre as op\u00e7\u00f5es de obje\u00e7\u00e3o e remo\u00e7\u00e3o em rela\u00e7\u00e3o \u00e0 Google, consulta<br><a href=\"https:\/\/policies.google.com\/privacy?gl=DE&amp;hl=de\">https:\/\/policies.google.com\/privacy?gl=DE&amp;hl=de<\/a><\/p><p> <\/p><p>  c) HubSpot<\/p><p>Utilizamos fun\u00e7\u00f5es da HubSpot Inc, 2nd Floor, 25 First Street, Cambridge, MA 02141, EUA (doravante designada por HubSpot). Trata-se de uma solu\u00e7\u00e3o de software integrada que utilizamos para cobrir v\u00e1rios aspectos do nosso marketing online. Estes incluem, entre outros: E-mail marketing (newsletters e mailings autom\u00e1ticos, por exemplo, para fornecer downloads), publica\u00e7\u00e3o e relat\u00f3rios de redes sociais, relat\u00f3rios (fontes de tr\u00e1fego, acessos, etc.), gest\u00e3o de contactos (segmenta\u00e7\u00e3o de utilizadores e CRM), p\u00e1ginas de destino, cria\u00e7\u00e3o de grupos-alvo de an\u00fancios e formul\u00e1rios de contacto. Os cookies da HubSpot s\u00e3o armazenados no teu dispositivo final. Isto permite armazenar e analisar dados pessoais, em especial a atividade do utilizador (que p\u00e1ginas foram visitadas e em que elementos se clicou), informa\u00e7\u00f5es sobre o dispositivo e o browser (o endere\u00e7o IP e o sistema operativo), dados sobre os an\u00fancios apresentados (que an\u00fancios foram apresentados e se o utilizador clicou neles) e tamb\u00e9m dados de parceiros publicit\u00e1rios (IDs de utilizador pseudonimizados).<\/p><p>Para mais informa\u00e7\u00f5es sobre o tratamento de dados pela HubSpot, consulta:<br><a href=\"https:\/\/legal.hubspot.com\/de\/privacy-policy?__hstc=116445913.9523f39bda127e25dfb841f82e2264e9.1741956980323.1741956980323.1741956980323.1&amp;__hssc=116445913.3.1741956980323&amp;__hsfp=3065272282\">https:\/\/legal.hubspot.com\/de\/privacy-policy<\/a><\/p><p>O plugin HubSpot \u00e9 utilizado exclusivamente para otimizar o nosso marketing. A base legal para o processamento dos dados pessoais dos utilizadores \u00e9 geralmente o consentimento do utilizador, de acordo com o Art. 6, par\u00e1grafo 1, frase 1 lit. a do RGPD. Os teus dados pessoais ser\u00e3o armazenados durante o tempo necess\u00e1rio para cumprir os objectivos descritos nesta pol\u00edtica de privacidade ou conforme exigido por lei, por exemplo, para fins fiscais e contabil\u00edsticos.    <\/p><p>Tens o direito de revogar a tua declara\u00e7\u00e3o de consentimento ao abrigo da lei de prote\u00e7\u00e3o de dados a qualquer momento. A revoga\u00e7\u00e3o do consentimento n\u00e3o afecta a legalidade do tratamento com base no consentimento anterior \u00e0 sua revoga\u00e7\u00e3o.<br>Podes impedir a recolha e o tratamento dos teus dados pessoais pela HubSpot impedindo o armazenamento de cookies de terceiros no teu computador, utilizando a fun\u00e7\u00e3o &#8220;Do Not Track&#8221; de um navegador compat\u00edvel, desactivando a execu\u00e7\u00e3o de c\u00f3digo de script no teu navegador ou instalando um bloqueador de scripts como o NoScript (https:\/\/noscript.net\/) ou o Ghostery (https:\/\/www.ghostery.com) no teu navegador. <\/p><p>Para mais informa\u00e7\u00f5es sobre as op\u00e7\u00f5es de obje\u00e7\u00e3o e remo\u00e7\u00e3o em rela\u00e7\u00e3o \u00e0 HubSpot, consulta: https:\/\/legal.hubspot.com\/de\/privacy-policy<\/p><p> <\/p><p>d) Microsoft Clarity<br>Utilizamos as funcionalidades do plug-in de an\u00e1lise Microsoft Clarity da Microsoft Corporation, One Microsoft Way, 98052, Redmond, Washington, EUA e do seu representante na Uni\u00e3o Europeia Microsoft Ireland Operations Limited, One Microsoft Place, South County Business Park, Leopardstown, Dublin 18, Irlanda (a seguir designado: Microsoft).  <\/p><p>Como ferramenta de an\u00e1lise, o Microsoft Clarity fornece-nos informa\u00e7\u00f5es sobre a utiliza\u00e7\u00e3o do nosso Web site e a intera\u00e7\u00e3o dos utilizadores do Web site com o nosso conte\u00fado sob a forma de mapas de calor.<\/p><p>Os seguintes dados pessoais s\u00e3o processados pela Microsoft:  <\/p><ul class=\"wp-block-list\"><li>Endere\u00e7o IP<\/li><li>Informa\u00e7\u00f5es sobre o dispositivo e o browser<\/li><li>Comportamento do utilizador no s\u00edtio Web<\/li><li>Websites visitados<\/li><\/ul><p>Os dados s\u00e3o transferidos para os servidores da Microsoft nos EUA. Para assegurar garantias adequadas para a prote\u00e7\u00e3o da transfer\u00eancia e processamento de dados pessoais fora da UE, foram celebradas com a Microsoft as chamadas cl\u00e1usulas contratuais-tipo da UE (Art. 46, n.\u00ba 2, frase 1, al\u00ednea c) do RGPD).<br>Podes encontrar mais informa\u00e7\u00f5es sobre o processamento de dados pela Microsoft aqui: <br><a href=\"https:\/\/privacy.microsoft.com\/de-de\/privacystatement\">https:\/\/privacy.microsoft.com\/de-de\/privacystatement<\/a><\/p><p><a href=\"https:\/\/docs.microsoft.com\/en-us\/clarity\/faq\">https:\/\/docs.microsoft.com\/en-us\/clarity\/faq<\/a><\/p><p>Utilizamos o Microsoft Clarity para analisar as intera\u00e7\u00f5es do s\u00edtio Web. A base legal para o processamento dos dados pessoais dos utilizadores \u00e9 geralmente o consentimento do utilizador, de acordo com o Art. 6, par\u00e1grafo 1, frase 1 lit. a do RGPD. As tuas informa\u00e7\u00f5es pessoais ser\u00e3o armazenadas durante o tempo necess\u00e1rio para cumprir os objectivos descritos nesta pol\u00edtica de privacidade ou conforme exigido por lei, por exemplo, para fins fiscais e contabil\u00edsticos.    <\/p><p>Tens o direito de revogar a tua declara\u00e7\u00e3o de consentimento ao abrigo da lei de prote\u00e7\u00e3o de dados em qualquer altura. A retirada do consentimento n\u00e3o afecta a legalidade do tratamento baseado no consentimento anterior \u00e0 sua retirada.   <\/p><p>Podes impedir a recolha e o processamento dos teus dados pessoais pela Microsoft, impedindo o armazenamento de cookies de terceiros no teu computador, utilizando a fun\u00e7\u00e3o &#8220;Do Not Track&#8221; de um browser compat\u00edvel, desactivando a execu\u00e7\u00e3o de c\u00f3digo de script no teu browser ou instalando um bloqueador de scripts como o NoScript<a href=\"https:\/\/noscript.net\/\">(https:\/\/noscript.net)<\/a> ou o Ghostery<a href=\"https:\/\/www.ghostery.com\/\">(https:\/\/www.ghostery.com)<\/a> no teu browser.<\/p><p>Para mais informa\u00e7\u00f5es sobre as op\u00e7\u00f5es de cancelamento e remo\u00e7\u00e3o em rela\u00e7\u00e3o \u00e0 Microsoft, consulta  <\/p><p><a href=\"https:\/\/www.privacy.microsoft.com\/de-de\/privacystatement\">https:\/\/www.privacy.microsoft.com\/de-de\/privacystatement<\/a><\/p><hr class=\"wp-block-separator has-alpha-channel-opacity\"><p> <\/p><h2 class=\"wp-block-heading\">Plug-ins de redes sociais<\/h2><p>Utilizamos plug-ins sociais das redes sociais Facebook, Twitter e Instagram no nosso s\u00edtio Web, com base no art. 6, n.\u00ba 1, al\u00ednea f) do RGPD, para divulgar a nossa empresa. O objetivo publicit\u00e1rio subjacente deve ser considerado como um interesse leg\u00edtimo na ace\u00e7\u00e3o do RGPD. A responsabilidade pela opera\u00e7\u00e3o em conformidade com a prote\u00e7\u00e3o de dados deve ser garantida pelos respectivos fornecedores.    <\/p><p>a) LinkedIn<\/p><p>Utilizamos a possibilidade de apareceres nas redes profissionais da empresa. Mantemos uma presen\u00e7a da empresa nas seguintes redes profissionais: <\/p><p>Liga-te ao LinkedIn:<\/p><p>LinkedIn, Unlimited Company Wilton Place, Dublin 2, Irlanda<\/p><p>XING:<\/p><p>XING SE, Dammtorstra\u00dfe 30, 20354 Hamburgo, Alemanha<\/p><p>Disponibilizamos informa\u00e7\u00f5es no nosso s\u00edtio Web e oferecemos aos utilizadores a possibilidade de comunicarem.<\/p><p>O s\u00edtio Web da empresa \u00e9 utilizado para candidaturas, informa\u00e7\u00e3o\/RP e fornecimento ativo.<\/p><p>N\u00e3o dispomos de informa\u00e7\u00f5es sobre o tratamento dos teus dados pessoais pelas empresas conjuntamente respons\u00e1veis pelo s\u00edtio Web da empresa. Para mais informa\u00e7\u00f5es, consulta a pol\u00edtica de privacidade de: <\/p><p>Liga-te ao LinkedIn:<\/p><p><a href=\"https:\/\/www.linkedin.com\/legal\/privacy-policy?trk=hb_ft_priv\">https:\/\/www.linkedin.com\/legal\/privacy-policy?trk=hb_ft_priv<\/a><\/p><p><br>b) XING:<\/p><p><a href=\"https:\/\/privacy.xing.com\/de\/datenschutzerklaerung\">https:\/\/privacy.xing.com\/de\/datenschutzerklaerung<\/a><\/p><p><br>Se realizares uma a\u00e7\u00e3o no s\u00edtio Web da nossa empresa (por exemplo, coment\u00e1rios, publica\u00e7\u00f5es, gostos, etc.), podes tornar p\u00fablicos dados pessoais (por exemplo, nome verdadeiro ou fotografia do teu perfil de utilizador).<\/p><p>A base legal para o processamento dos teus dados em rela\u00e7\u00e3o \u00e0 utiliza\u00e7\u00e3o do site da nossa empresa \u00e9 o Art. 6, par\u00e1grafo 1, frase 1 lit. f do RGPD. O objetivo do site da nossa empresa \u00e9 informar os utilizadores sobre os nossos servi\u00e7os. Cada utilizador \u00e9 livre de publicar dados pessoais atrav\u00e9s de actividades. Guardamos as tuas actividades e os teus dados pessoais publicados atrav\u00e9s do site da nossa empresa at\u00e9 que retires o teu consentimento. Al\u00e9m disso, cumprimos os prazos legais de conserva\u00e7\u00e3o.       <\/p><p>Podes opor-te ao tratamento dos teus dados pessoais, que recolhemos no contexto da tua utiliza\u00e7\u00e3o do s\u00edtio Web da nossa empresa, a qualquer momento e fazer valer os teus direitos de titular de dados mencionados no ponto IV. da presente pol\u00edtica de privacidade. Para tal, envia-nos um e-mail informal para o endere\u00e7o de e-mail indicado na presente pol\u00edtica de privacidade. <\/p><p> <\/p><p> <\/p><p>Para mais informa\u00e7\u00f5es sobre as op\u00e7\u00f5es de obje\u00e7\u00e3o e remo\u00e7\u00e3o, consulta aqui:<\/p><p>Liga-te ao LinkedIn:<\/p><p><a href=\"https:\/\/www.linkedin.com\/legal\/privacy-policy?trk=hb_ft_priv\">https:\/\/www.linkedin.com\/legal\/privacy-policy?trk=hb_ft_priv<\/a><\/p><p><br>XING:<\/p><p><a href=\"https:\/\/privacy.xing.com\/de\/datenschutzerklaerung\">https:\/\/privacy.xing.com\/de\/datenschutzerklaerung<\/a><\/p><hr class=\"wp-block-separator has-alpha-channel-opacity\"><p> <\/p><h2 class=\"wp-block-heading\">Direitos dos titulares dos dados<\/h2><p>Tens o direito:<\/p><ul class=\"wp-block-list\"><li>de acordo com o Art. 15 do RGPD, para solicitar informa\u00e7\u00f5es sobre os teus dados pessoais processados por n\u00f3s. Em particular, podes solicitar informa\u00e7\u00f5es sobre as finalidades do processamento, a categoria dos dados pessoais, as categorias de destinat\u00e1rios a quem os teus dados foram ou ser\u00e3o divulgados, o per\u00edodo de armazenamento previsto, a exist\u00eancia de um direito de retifica\u00e7\u00e3o, apagamento, restri\u00e7\u00e3o do processamento ou obje\u00e7\u00e3o, a exist\u00eancia de um direito de apresentar uma reclama\u00e7\u00e3o, a origem dos teus dados se n\u00e3o tiverem sido recolhidos por n\u00f3s, e a exist\u00eancia de decis\u00f5es automatizadas, incluindo a defini\u00e7\u00e3o de perfis e, se aplic\u00e1vel, informa\u00e7\u00f5es significativas sobre os seus detalhes; <\/li><li>de acordo com o Art. 16 do RGPD, para solicitar imediatamente a corre\u00e7\u00e3o de dados pessoais incorrectos ou incompletos armazenados por n\u00f3s;<\/li><li>exigir o apagamento dos teus dados pessoais armazenados por n\u00f3s, de acordo com o art. 17\u00ba do RGPD, a menos que o tratamento seja necess\u00e1rio para o exerc\u00edcio do direito \u00e0 liberdade de express\u00e3o e de informa\u00e7\u00e3o, para o cumprimento de uma obriga\u00e7\u00e3o legal, por raz\u00f5es de interesse p\u00fablico ou para a instaura\u00e7\u00e3o, o exerc\u00edcio ou a defesa de ac\u00e7\u00f5es judiciais;<\/li><li>nos termos do art. 18.\u00ba do RGPD, exigir a limita\u00e7\u00e3o do tratamento dos teus dados pessoais se a exatid\u00e3o dos dados for contestada por ti, se o tratamento for ilegal, mas te recusares a apag\u00e1-los e se j\u00e1 n\u00e3o precisarmos dos dados, mas precisares deles para a afirma\u00e7\u00e3o, o exerc\u00edcio ou a defesa de direitos legais ou se tiveres apresentado uma obje\u00e7\u00e3o ao tratamento nos termos do art. 21;<\/li><li>nos termos do artigo 20.\u00ba do RGPD, receber os teus dados pessoais que nos forneceste num formato estruturado, de uso corrente e de leitura autom\u00e1tica, ou solicitar que sejam transmitidos a outro respons\u00e1vel pelo tratamento;<\/li><li>de acordo com o Art. 7, par\u00e1grafo 3 do RGPD, revogar o teu consentimento que nos foi dado em qualquer altura. A consequ\u00eancia disto \u00e9 que n\u00e3o poderemos continuar o processamento de dados que se baseou neste consentimento no futuro e  <\/li><li>apresentar uma queixa a uma autoridade de controlo, de acordo com o art. 77\u00ba do RGPD. Regra geral, podes contactar a autoridade de controlo do teu local de resid\u00eancia ou de trabalho habitual ou a sede da nossa empresa (na Su\u00ed\u00e7a, a autoridade de prote\u00e7\u00e3o de dados competente \u00e9 o Comiss\u00e1rio Federal para a Prote\u00e7\u00e3o de Dados e Informa\u00e7\u00e3o (http:\/\/www.edoeb.admin.ch)). <\/li><\/ul><p>Direito de obje\u00e7\u00e3o<\/p><ul class=\"wp-block-list\"><li>Se os teus dados pessoais forem processados com base em interesses leg\u00edtimos, de acordo com o Art. 6, par\u00e1grafo 1, al\u00ednea f) do RGPD, tens o direito de te opor ao processamento dos teus dados pessoais, de acordo com o Art. 21 do RGPD, desde que existam raz\u00f5es para tal decorrentes da tua situa\u00e7\u00e3o particular ou que a obje\u00e7\u00e3o seja dirigida contra a publicidade direta. Neste \u00faltimo caso, tens um direito geral de oposi\u00e7\u00e3o, que ser\u00e1 implementado por n\u00f3s sem especificar uma situa\u00e7\u00e3o particular.   <\/li><\/ul><p>Se pretenderes exercer o teu direito de anula\u00e7\u00e3o ou de oposi\u00e7\u00e3o, basta enviares uma mensagem de correio eletr\u00f3nico para: <a href=\"mailto:verwaltung@ella.ag\">verwaltung@ella-group.io<\/a><\/p><p>No entanto, chama a aten\u00e7\u00e3o para o facto de nos reservarmos o direito de fazer valer as restri\u00e7\u00f5es previstas na lei, por exemplo, se formos obrigados a armazenar ou a processar determinados dados, se tivermos um interesse superior em faz\u00ea-lo (na medida em que o possamos invocar) ou se necessitarmos deles para fazer valer os nossos direitos. Se incorreres em custos, informar-te-emos com anteced\u00eancia. <\/p><p>O exerc\u00edcio dos teus direitos como titular dos dados tamb\u00e9m exige, em geral, que proves claramente a tua identidade (por exemplo, atrav\u00e9s de uma c\u00f3pia do teu BI, quando a tua identidade n\u00e3o \u00e9 clara ou n\u00e3o pode ser verificada).<\/p><p>Cada titular de dados tem tamb\u00e9m o direito de fazer valer os seus direitos em tribunal ou de apresentar uma queixa \u00e0 autoridade competente em mat\u00e9ria de prote\u00e7\u00e3o de dados. A autoridade competente em mat\u00e9ria de prote\u00e7\u00e3o de dados na Su\u00ed\u00e7a \u00e9 o Comiss\u00e1rio Federal para a Prote\u00e7\u00e3o de Dados e Informa\u00e7\u00e3o (http:\/\/www.edoeb.admin.ch). <\/p><p> <\/p><p> <\/p><h2 class=\"wp-block-heading\">Atualiza\u00e7\u00e3o e altera\u00e7\u00e3o desta pol\u00edtica de privacidade<\/h2><p>Esta pol\u00edtica de privacidade \u00e9 atualmente v\u00e1lida e tem data de agosto de 2022.<\/p><p>Poder\u00e1 ser necess\u00e1rio alterar esta pol\u00edtica de privacidade em resultado do desenvolvimento do nosso s\u00edtio Web e dos nossos servi\u00e7os ou devido a altera\u00e7\u00f5es nos requisitos legais ou oficiais. Podes aceder e imprimir a pol\u00edtica de privacidade atual a qualquer momento no s\u00edtio Web em <a href=\"https:\/\/www.ella.ag\/datenschutzerklaerung\/?__hstc=116445913.9523f39bda127e25dfb841f82e2264e9.1741956980323.1741956980323.1741956980323.1&amp;__hssc=116445913.3.1741956980323&amp;__hsfp=3065272282\">https:\/\/www.ella-group.io\/datenschutzerklaerung\/.<\/a>  <\/p>\t\t\t\t\t\t\t\t<\/div>\n\t\t\t\t<\/div>\n\t\t<div class=\"elementor-element elementor-element-f3953a4 e-con-full e-flex e-con e-child\" data-id=\"f3953a4\" data-element_type=\"container\">\n\t\t\t\t<\/div>\n\t\t\t\t\t<\/div>\n\t\t\t\t<\/div>\n\t\t\t\t<\/div>\n\t\t","protected":false},"excerpt":{"rendered":"<p>Condi\u00e7\u00f5es de prote\u00e7\u00e3o de dados Levamos a tua prote\u00e7\u00e3o de dados muito a s\u00e9rio e tratamos os teus dados pessoais de forma confidencial e de acordo com as disposi\u00e7\u00f5es legais. Uma vez que as novas tecnologias e o constante desenvolvimento deste s\u00edtio Web podem resultar em altera\u00e7\u00f5es a esta declara\u00e7\u00e3o de prote\u00e7\u00e3o de dados, recomendamos [&hellip;]<\/p>\n","protected":false},"author":10,"featured_media":0,"parent":0,"menu_order":0,"comment_status":"closed","ping_status":"closed","template":"","meta":{"content-type":"","footnotes":""},"class_list":["post-1365","page","type-page","status-publish","hentry"],"yoast_head":"<!-- This site is optimized with the Yoast SEO plugin v25.4 - https:\/\/yoast.com\/wordpress\/plugins\/seo\/ -->\n<title>Prote\u00e7\u00e3o de dados - APOKI<\/title>\n<meta name=\"robots\" content=\"index, follow, max-snippet:-1, max-image-preview:large, max-video-preview:-1\" \/>\n<link rel=\"canonical\" href=\"https:\/\/www.apotheken-ki.de\/pt-pt\/protecao-de-dados\/\" \/>\n<meta property=\"og:locale\" content=\"pt_PT\" \/>\n<meta property=\"og:type\" content=\"article\" \/>\n<meta property=\"og:title\" content=\"Prote\u00e7\u00e3o de dados - APOKI\" \/>\n<meta property=\"og:description\" content=\"Condi\u00e7\u00f5es de prote\u00e7\u00e3o de dados Levamos a tua prote\u00e7\u00e3o de dados muito a s\u00e9rio e tratamos os teus dados pessoais de forma confidencial e de acordo com as disposi\u00e7\u00f5es legais. Uma vez que as novas tecnologias e o constante desenvolvimento deste s\u00edtio Web podem resultar em altera\u00e7\u00f5es a esta declara\u00e7\u00e3o de prote\u00e7\u00e3o de dados, recomendamos [&hellip;]\" \/>\n<meta property=\"og:url\" content=\"https:\/\/www.apotheken-ki.de\/pt-pt\/protecao-de-dados\/\" \/>\n<meta property=\"og:site_name\" content=\"APOKI\" \/>\n<meta property=\"article:modified_time\" content=\"2025-04-09T11:30:41+00:00\" \/>\n<meta name=\"twitter:label1\" content=\"Tempo estimado de leitura\" \/>\n\t<meta name=\"twitter:data1\" content=\"28 minutos\" \/>\n<script type=\"application\/ld+json\" class=\"yoast-schema-graph\">{\"@context\":\"https:\/\/schema.org\",\"@graph\":[{\"@type\":\"WebPage\",\"@id\":\"https:\/\/www.apotheken-ki.de\/pt-pt\/protecao-de-dados\/\",\"url\":\"https:\/\/www.apotheken-ki.de\/pt-pt\/protecao-de-dados\/\",\"name\":\"Prote\u00e7\u00e3o de dados - APOKI\",\"isPartOf\":{\"@id\":\"https:\/\/www.apotheken-ki.de\/pt-pt\/#website\"},\"datePublished\":\"2025-03-14T13:03:44+00:00\",\"dateModified\":\"2025-04-09T11:30:41+00:00\",\"breadcrumb\":{\"@id\":\"https:\/\/www.apotheken-ki.de\/pt-pt\/protecao-de-dados\/#breadcrumb\"},\"inLanguage\":\"pt-PT\",\"potentialAction\":[{\"@type\":\"ReadAction\",\"target\":[\"https:\/\/www.apotheken-ki.de\/pt-pt\/protecao-de-dados\/\"]}]},{\"@type\":\"BreadcrumbList\",\"@id\":\"https:\/\/www.apotheken-ki.de\/pt-pt\/protecao-de-dados\/#breadcrumb\",\"itemListElement\":[{\"@type\":\"ListItem\",\"position\":1,\"name\":\"Home\",\"item\":\"https:\/\/www.apotheken-ki.de\/pt-pt\/\"},{\"@type\":\"ListItem\",\"position\":2,\"name\":\"Prote\u00e7\u00e3o de dados\"}]},{\"@type\":\"WebSite\",\"@id\":\"https:\/\/www.apotheken-ki.de\/pt-pt\/#website\",\"url\":\"https:\/\/www.apotheken-ki.de\/pt-pt\/\",\"name\":\"APOKI\",\"description\":\"KI-Unterst\u00fctzung f\u00fcr Apotheken\",\"potentialAction\":[{\"@type\":\"SearchAction\",\"target\":{\"@type\":\"EntryPoint\",\"urlTemplate\":\"https:\/\/www.apotheken-ki.de\/pt-pt\/?s={search_term_string}\"},\"query-input\":{\"@type\":\"PropertyValueSpecification\",\"valueRequired\":true,\"valueName\":\"search_term_string\"}}],\"inLanguage\":\"pt-PT\"}]}<\/script>\n<!-- \/ Yoast SEO plugin. -->","yoast_head_json":{"title":"Prote\u00e7\u00e3o de dados - APOKI","robots":{"index":"index","follow":"follow","max-snippet":"max-snippet:-1","max-image-preview":"max-image-preview:large","max-video-preview":"max-video-preview:-1"},"canonical":"https:\/\/www.apotheken-ki.de\/pt-pt\/protecao-de-dados\/","og_locale":"pt_PT","og_type":"article","og_title":"Prote\u00e7\u00e3o de dados - APOKI","og_description":"Condi\u00e7\u00f5es de prote\u00e7\u00e3o de dados Levamos a tua prote\u00e7\u00e3o de dados muito a s\u00e9rio e tratamos os teus dados pessoais de forma confidencial e de acordo com as disposi\u00e7\u00f5es legais. Uma vez que as novas tecnologias e o constante desenvolvimento deste s\u00edtio Web podem resultar em altera\u00e7\u00f5es a esta declara\u00e7\u00e3o de prote\u00e7\u00e3o de dados, recomendamos [&hellip;]","og_url":"https:\/\/www.apotheken-ki.de\/pt-pt\/protecao-de-dados\/","og_site_name":"APOKI","article_modified_time":"2025-04-09T11:30:41+00:00","twitter_misc":{"Tempo estimado de leitura":"28 minutos"},"schema":{"@context":"https:\/\/schema.org","@graph":[{"@type":"WebPage","@id":"https:\/\/www.apotheken-ki.de\/pt-pt\/protecao-de-dados\/","url":"https:\/\/www.apotheken-ki.de\/pt-pt\/protecao-de-dados\/","name":"Prote\u00e7\u00e3o de dados - APOKI","isPartOf":{"@id":"https:\/\/www.apotheken-ki.de\/pt-pt\/#website"},"datePublished":"2025-03-14T13:03:44+00:00","dateModified":"2025-04-09T11:30:41+00:00","breadcrumb":{"@id":"https:\/\/www.apotheken-ki.de\/pt-pt\/protecao-de-dados\/#breadcrumb"},"inLanguage":"pt-PT","potentialAction":[{"@type":"ReadAction","target":["https:\/\/www.apotheken-ki.de\/pt-pt\/protecao-de-dados\/"]}]},{"@type":"BreadcrumbList","@id":"https:\/\/www.apotheken-ki.de\/pt-pt\/protecao-de-dados\/#breadcrumb","itemListElement":[{"@type":"ListItem","position":1,"name":"Home","item":"https:\/\/www.apotheken-ki.de\/pt-pt\/"},{"@type":"ListItem","position":2,"name":"Prote\u00e7\u00e3o de dados"}]},{"@type":"WebSite","@id":"https:\/\/www.apotheken-ki.de\/pt-pt\/#website","url":"https:\/\/www.apotheken-ki.de\/pt-pt\/","name":"APOKI","description":"KI-Unterst\u00fctzung f\u00fcr Apotheken","potentialAction":[{"@type":"SearchAction","target":{"@type":"EntryPoint","urlTemplate":"https:\/\/www.apotheken-ki.de\/pt-pt\/?s={search_term_string}"},"query-input":{"@type":"PropertyValueSpecification","valueRequired":true,"valueName":"search_term_string"}}],"inLanguage":"pt-PT"}]}},"_links":{"self":[{"href":"https:\/\/www.apotheken-ki.de\/pt-pt\/wp-json\/wp\/v2\/pages\/1365","targetHints":{"allow":["GET"]}}],"collection":[{"href":"https:\/\/www.apotheken-ki.de\/pt-pt\/wp-json\/wp\/v2\/pages"}],"about":[{"href":"https:\/\/www.apotheken-ki.de\/pt-pt\/wp-json\/wp\/v2\/types\/page"}],"author":[{"embeddable":true,"href":"https:\/\/www.apotheken-ki.de\/pt-pt\/wp-json\/wp\/v2\/users\/10"}],"replies":[{"embeddable":true,"href":"https:\/\/www.apotheken-ki.de\/pt-pt\/wp-json\/wp\/v2\/comments?post=1365"}],"version-history":[{"count":1,"href":"https:\/\/www.apotheken-ki.de\/pt-pt\/wp-json\/wp\/v2\/pages\/1365\/revisions"}],"predecessor-version":[{"id":1366,"href":"https:\/\/www.apotheken-ki.de\/pt-pt\/wp-json\/wp\/v2\/pages\/1365\/revisions\/1366"}],"wp:attachment":[{"href":"https:\/\/www.apotheken-ki.de\/pt-pt\/wp-json\/wp\/v2\/media?parent=1365"}],"curies":[{"name":"wp","href":"https:\/\/api.w.org\/{rel}","templated":true}]}}